{"version":"1.0","provider_name":"Meditaci\u00f3n Samatha-Vipassana","provider_url":"https:\/\/lavidaexiste.com\/fr","author_name":"Javier Acerete","author_url":"https:\/\/lavidaexiste.com\/fr\/author\/metta_universal_4422","title":"Retrait de m\u00e9ditation Samatha- Vipassan\u0101 (Avril) - Meditaci\u00f3n Samatha-Vipassana","type":"rich","width":600,"height":338,"html":"<blockquote class=\"wp-embedded-content\" data-secret=\"RSSNnigWzG\"><a href=\"https:\/\/lavidaexiste.com\/fr\/events\/retrait-avril-2023\">Retrait de m\u00e9ditation Samatha- Vipassan\u0101 (Avril)<\/a><\/blockquote><iframe sandbox=\"allow-scripts\" security=\"restricted\" src=\"https:\/\/lavidaexiste.com\/fr\/events\/retrait-avril-2023\/embed#?secret=RSSNnigWzG\" width=\"600\" height=\"338\" title=\"\u00ab\u00a0Retrait de m\u00e9ditation Samatha- Vipassan\u0101 (Avril)\u00a0\u00bb &#8212; Meditaci\u00f3n Samatha-Vipassana\" data-secret=\"RSSNnigWzG\" frameborder=\"0\" marginwidth=\"0\" marginheight=\"0\" scrolling=\"no\" class=\"wp-embedded-content\"><\/iframe><script type=\"text\/javascript\">\n\/* <![CDATA[ *\/\n\/*! This file is auto-generated *\/\n!function(d,l){\"use strict\";l.querySelector&&d.addEventListener&&\"undefined\"!=typeof URL&&(d.wp=d.wp||{},d.wp.receiveEmbedMessage||(d.wp.receiveEmbedMessage=function(e){var t=e.data;if((t||t.secret||t.message||t.value)&&!\/[^a-zA-Z0-9]\/.test(t.secret)){for(var s,r,n,a=l.querySelectorAll('iframe[data-secret=\"'+t.secret+'\"]'),o=l.querySelectorAll('blockquote[data-secret=\"'+t.secret+'\"]'),c=new RegExp(\"^https?:$\",\"i\"),i=0;i<o.length;i++)o[i].style.display=\"none\";for(i=0;i<a.length;i++)s=a[i],e.source===s.contentWindow&&(s.removeAttribute(\"style\"),\"height\"===t.message?(1e3<(r=parseInt(t.value,10))?r=1e3:~~r<200&&(r=200),s.height=r):\"link\"===t.message&&(r=new URL(s.getAttribute(\"src\")),n=new URL(t.value),c.test(n.protocol))&&n.host===r.host&&l.activeElement===s&&(d.top.location.href=t.value))}},d.addEventListener(\"message\",d.wp.receiveEmbedMessage,!1),l.addEventListener(\"DOMContentLoaded\",function(){for(var e,t,s=l.querySelectorAll(\"iframe.wp-embedded-content\"),r=0;r<s.length;r++)(t=(e=s[r]).getAttribute(\"data-secret\"))||(t=Math.random().toString(36).substring(2,12),e.src+=\"#?secret=\"+t,e.setAttribute(\"data-secret\",t)),e.contentWindow.postMessage({message:\"ready\",secret:t},\"*\")},!1)))}(window,document);\n\/\/# sourceURL=https:\/\/lavidaexiste.com\/wp-includes\/js\/wp-embed.min.js\n\/* ]]> *\/\n<\/script>\n","thumbnail_url":"https:\/\/lavidaexiste.com\/wp-content\/uploads\/2023\/03\/Mandala-4_720x1280.jpg","thumbnail_width":720,"thumbnail_height":514,"description":"Pour acc\u00e9der aux \u00e9tats d\u2019absorption m\u00e9ditative, il est n\u00e9cessaire de stabiliser l\u2019esprit, de l\u2019apaiser, c\u2019est-\u00e0-dire d\u2019entrer volontairement dans l\u2019\u00e9tat de sam\u0101dhi\u00a0et de rester aussi longtemps que n\u00e9cessaire. Dans cette retrait, nous appliquerons des \u00e9tapes qui nous permettent d\u2019acc\u00e9der et de rester dans l\u2019\u00e9tat de sam\u0101dhi\u00a0et d\u00e9velopper la pratique pour rentrer et rester dans les \u00e9tats d\u2019absorption m\u00e9ditative si favorables.Le practice m\u00e9ditatif sera compl\u00e9ment\u00e9 du travail corporel d\u2019arts martiaux et yoga."}