{"version":"1.0","provider_name":"Meditaci\u00f3n Samatha-Vipassana","provider_url":"https:\/\/lavidaexiste.com\/fr","author_name":"Javier Acerete","author_url":"https:\/\/lavidaexiste.com\/fr\/author\/metta_universal_4422","title":"Retrait de m\u00e9ditation Samatha- Vipassan\u0101 (Mars 2025) - Meditaci\u00f3n Samatha-Vipassana","type":"rich","width":600,"height":338,"html":"<blockquote class=\"wp-embedded-content\" data-secret=\"hmXmMWAb66\"><a href=\"https:\/\/lavidaexiste.com\/fr\/events\/retrait-de-meditation-samatha-vipassana-mars-2025\">Retrait de m\u00e9ditation Samatha- Vipassan\u0101 (Mars 2025)<\/a><\/blockquote><iframe sandbox=\"allow-scripts\" security=\"restricted\" src=\"https:\/\/lavidaexiste.com\/fr\/events\/retrait-de-meditation-samatha-vipassana-mars-2025\/embed#?secret=hmXmMWAb66\" width=\"600\" height=\"338\" title=\"\u00ab\u00a0Retrait de m\u00e9ditation Samatha- Vipassan\u0101 (Mars 2025)\u00a0\u00bb &#8212; Meditaci\u00f3n Samatha-Vipassana\" data-secret=\"hmXmMWAb66\" frameborder=\"0\" marginwidth=\"0\" marginheight=\"0\" scrolling=\"no\" class=\"wp-embedded-content\"><\/iframe><script type=\"text\/javascript\">\n\/* <![CDATA[ *\/\n\/*! This file is auto-generated *\/\n!function(d,l){\"use strict\";l.querySelector&&d.addEventListener&&\"undefined\"!=typeof URL&&(d.wp=d.wp||{},d.wp.receiveEmbedMessage||(d.wp.receiveEmbedMessage=function(e){var t=e.data;if((t||t.secret||t.message||t.value)&&!\/[^a-zA-Z0-9]\/.test(t.secret)){for(var s,r,n,a=l.querySelectorAll('iframe[data-secret=\"'+t.secret+'\"]'),o=l.querySelectorAll('blockquote[data-secret=\"'+t.secret+'\"]'),c=new RegExp(\"^https?:$\",\"i\"),i=0;i<o.length;i++)o[i].style.display=\"none\";for(i=0;i<a.length;i++)s=a[i],e.source===s.contentWindow&&(s.removeAttribute(\"style\"),\"height\"===t.message?(1e3<(r=parseInt(t.value,10))?r=1e3:~~r<200&&(r=200),s.height=r):\"link\"===t.message&&(r=new URL(s.getAttribute(\"src\")),n=new URL(t.value),c.test(n.protocol))&&n.host===r.host&&l.activeElement===s&&(d.top.location.href=t.value))}},d.addEventListener(\"message\",d.wp.receiveEmbedMessage,!1),l.addEventListener(\"DOMContentLoaded\",function(){for(var e,t,s=l.querySelectorAll(\"iframe.wp-embedded-content\"),r=0;r<s.length;r++)(t=(e=s[r]).getAttribute(\"data-secret\"))||(t=Math.random().toString(36).substring(2,12),e.src+=\"#?secret=\"+t,e.setAttribute(\"data-secret\",t)),e.contentWindow.postMessage({message:\"ready\",secret:t},\"*\")},!1)))}(window,document);\n\/\/# sourceURL=https:\/\/lavidaexiste.com\/wp-includes\/js\/wp-embed.min.js\n\/* ]]> *\/\n<\/script>\n","thumbnail_url":"https:\/\/lavidaexiste.com\/wp-content\/uploads\/2025\/02\/La-Gomera_26-310324_06-scaled.jpg","thumbnail_width":2560,"thumbnail_height":1440,"description":"Dans la retraite, nous d\u00e9velopperons d\u2019abord la pratique de la m\u00e9ditation Samatha\u00a0\u00e0 travers la pleine conscience de la respiration (pratique de l\u2019\u0100n\u0101p\u0101nasati) et peu \u00e0 peu int\u00e9grer la pratique de la m\u00e9ditation Vipassana. Ces deux pratiques seront r\u00e9alis\u00e9es pour pouvoir \u00eatre d\u00e9velopp\u00e9es dans notre vie quotidienne, pour nous aider \u00e0 r\u00e9soudre des probl\u00e8mes quotidiens et pour continuer notre d\u00e9veloppement humain."}