{"version":"1.0","provider_name":"Meditaci\u00f3n Samatha-Vipassana","provider_url":"https:\/\/lavidaexiste.com\/fr","author_name":"Javier Acerete","author_url":"https:\/\/lavidaexiste.com\/fr\/author\/metta_universal_4422","title":"Retrait de m\u00e9ditation Samatha- Vipassan\u0101 - Meditaci\u00f3n Samatha-Vipassana","type":"rich","width":600,"height":338,"html":"<blockquote class=\"wp-embedded-content\" data-secret=\"UnB1yShD1T\"><a href=\"https:\/\/lavidaexiste.com\/fr\/events\/retrait-de-meditation-samatha-vipassana-sur\">Retrait de m\u00e9ditation Samatha- Vipassan\u0101<\/a><\/blockquote><iframe sandbox=\"allow-scripts\" security=\"restricted\" src=\"https:\/\/lavidaexiste.com\/fr\/events\/retrait-de-meditation-samatha-vipassana-sur\/embed#?secret=UnB1yShD1T\" width=\"600\" height=\"338\" title=\"\u00ab\u00a0Retrait de m\u00e9ditation Samatha- Vipassan\u0101\u00a0\u00bb &#8212; Meditaci\u00f3n Samatha-Vipassana\" data-secret=\"UnB1yShD1T\" frameborder=\"0\" marginwidth=\"0\" marginheight=\"0\" scrolling=\"no\" class=\"wp-embedded-content\"><\/iframe><script type=\"text\/javascript\">\n\/* <![CDATA[ *\/\n\/*! This file is auto-generated *\/\n!function(d,l){\"use strict\";l.querySelector&&d.addEventListener&&\"undefined\"!=typeof URL&&(d.wp=d.wp||{},d.wp.receiveEmbedMessage||(d.wp.receiveEmbedMessage=function(e){var t=e.data;if((t||t.secret||t.message||t.value)&&!\/[^a-zA-Z0-9]\/.test(t.secret)){for(var s,r,n,a=l.querySelectorAll('iframe[data-secret=\"'+t.secret+'\"]'),o=l.querySelectorAll('blockquote[data-secret=\"'+t.secret+'\"]'),c=new RegExp(\"^https?:$\",\"i\"),i=0;i<o.length;i++)o[i].style.display=\"none\";for(i=0;i<a.length;i++)s=a[i],e.source===s.contentWindow&&(s.removeAttribute(\"style\"),\"height\"===t.message?(1e3<(r=parseInt(t.value,10))?r=1e3:~~r<200&&(r=200),s.height=r):\"link\"===t.message&&(r=new URL(s.getAttribute(\"src\")),n=new URL(t.value),c.test(n.protocol))&&n.host===r.host&&l.activeElement===s&&(d.top.location.href=t.value))}},d.addEventListener(\"message\",d.wp.receiveEmbedMessage,!1),l.addEventListener(\"DOMContentLoaded\",function(){for(var e,t,s=l.querySelectorAll(\"iframe.wp-embedded-content\"),r=0;r<s.length;r++)(t=(e=s[r]).getAttribute(\"data-secret\"))||(t=Math.random().toString(36).substring(2,12),e.src+=\"#?secret=\"+t,e.setAttribute(\"data-secret\",t)),e.contentWindow.postMessage({message:\"ready\",secret:t},\"*\")},!1)))}(window,document);\n\/\/# sourceURL=https:\/\/lavidaexiste.com\/wp-includes\/js\/wp-embed.min.js\n\/* ]]> *\/\n<\/script>\n","thumbnail_url":"https:\/\/lavidaexiste.com\/wp-content\/uploads\/2022\/03\/retiro_2020.jpg","thumbnail_width":475,"thumbnail_height":360,"description":"Les Cinq Facult\u00e9s Spirituelles Les cinq facult\u00e9s ou forces spirituelles sont : \u00a0 Saddha. La foi, la confiance. Viriya. La pers\u00e9v\u00e9rance ou l\u2019\u00e9nergie active. Sati. La pleine conscience. Sam\u0101dhi. La stabilit\u00e9 mentale. Pa\u00f1\u00f1a. La sagesse. Le d\u00e9veloppement de ces cinq facult\u00e9s d\u00e9termine notre progr\u00e8s dans l\u2019\u00e9volution personnel et spirituel. Plus nous les d\u00e9veloppons, plus nous [&hellip;]"}